{"id":32806,"date":"2025-12-23T14:42:31","date_gmt":"2025-12-23T13:42:31","guid":{"rendered":"https:\/\/lartisana.vda.it\/?post_type=artigiano&#038;p=32806"},"modified":"2025-12-23T14:50:19","modified_gmt":"2025-12-23T13:50:19","slug":"touch-noemien","status":"publish","type":"artigiano","link":"https:\/\/lartisana.vda.it\/fr\/artisan\/touch-noemien\/","title":{"rendered":"LE TOUCH NO\u00c9MIEN &#8211; GIOVANNINO Noemi"},"excerpt":{"rendered":"<p>N\u00e9e et \u00e9lev\u00e9e en Vall\u00e9e d\u2019Aoste, passionn\u00e9e par l\u2019art sous toutes ses formes, Noemi est dipl\u00f4m\u00e9e en Media Design \u00e0 Milan. Avec l\u2019arriv\u00e9e du Covid, elle est retourn\u00e9e dans sa r\u00e9gion natale et a red\u00e9couvert une passion n\u00e9e au coll\u00e8ge : la sculpture sur bois. Durant une p\u00e9riode de d\u00e9sorientation professionnelle, elle a ressenti le besoin de s\u2019\u00e9loigner de l\u2019\u00e9cran pour renouer avec la cr\u00e9ation manuelle.<br \/>\nDe la rencontre entre co\u00efncidences et destin est n\u00e9 ce projet, qui s\u2019oppose \u00e0 l\u2019anonymat des objets industriels \u00e0 travers des cr\u00e9ations capables de raconter des histoires, d\u2019\u00e9voquer des \u00e9motions et de redonner identit\u00e9 et chaleur aux espaces.<br \/>\nSon esth\u00e9tique allie la sculpture d\u00e9corative classique \u00e0 des \u00e9l\u00e9ments cr\u00e9atifs inspir\u00e9s de la nature, donnant vie \u00e0 des \u0153uvres qui apportent une touche d\u2019enchantement au quotidien : un Touch No\u00e9mien.<\/p>\n","protected":false},"featured_media":32805,"template":"","meta":{"_acf_changed":false},"luogo-artigiani":[306],"materiale-artigiani":[230],"prodotto-artigiano":[224],"class_list":["post-32806","artigiano","type-artigiano","status-publish","has-post-thumbnail","hentry","luogo-artigiani-donnas-fr","materiale-artigiani-bois","prodotto-artigiano-scupltures-et-objets-graves"],"acf":[],"yoast_head":"<!-- This site is optimized with the Yoast SEO plugin v27.2 - https:\/\/yoast.com\/product\/yoast-seo-wordpress\/ -->\n<title>LE TOUCH NO\u00c9MIEN - GIOVANNINO Noemi - L&#039;artisana<\/title>\n<meta name=\"robots\" content=\"index, follow, max-snippet:-1, max-image-preview:large, max-video-preview:-1\" \/>\n<link rel=\"canonical\" href=\"https:\/\/lartisana.vda.it\/fr\/artisan\/touch-noemien\/\" \/>\n<meta property=\"og:locale\" content=\"fr_FR\" \/>\n<meta property=\"og:type\" content=\"article\" \/>\n<meta property=\"og:title\" content=\"LE TOUCH NO\u00c9MIEN - GIOVANNINO Noemi - L&#039;artisana\" \/>\n<meta property=\"og:description\" content=\"N\u00e9e et \u00e9lev\u00e9e en Vall\u00e9e d\u2019Aoste, passionn\u00e9e par l\u2019art sous toutes ses formes, Noemi est dipl\u00f4m\u00e9e en Media Design \u00e0 Milan. Avec l\u2019arriv\u00e9e du Covid, elle est retourn\u00e9e dans sa r\u00e9gion natale et a red\u00e9couvert une passion n\u00e9e au coll\u00e8ge : la sculpture sur bois. Durant une p\u00e9riode de d\u00e9sorientation professionnelle, elle a ressenti le besoin de s\u2019\u00e9loigner de l\u2019\u00e9cran pour renouer avec la cr\u00e9ation manuelle. De la rencontre entre co\u00efncidences et destin est n\u00e9 ce projet, qui s\u2019oppose \u00e0 l\u2019anonymat des objets industriels \u00e0 travers des cr\u00e9ations capables de raconter des histoires, d\u2019\u00e9voquer des \u00e9motions et de redonner identit\u00e9 et chaleur aux espaces. Son esth\u00e9tique allie la sculpture d\u00e9corative classique \u00e0 des \u00e9l\u00e9ments cr\u00e9atifs inspir\u00e9s de la nature, donnant vie \u00e0 des \u0153uvres qui apportent une touche d\u2019enchantement au quotidien : un Touch No\u00e9mien.\" \/>\n<meta property=\"og:url\" content=\"https:\/\/lartisana.vda.it\/fr\/artisan\/touch-noemien\/\" \/>\n<meta property=\"og:site_name\" content=\"L&#039;artisana\" \/>\n<meta property=\"article:modified_time\" content=\"2025-12-23T13:50:19+00:00\" \/>\n<meta property=\"og:image\" content=\"https:\/\/lartisana.vda.it\/wp-content\/uploads\/2025\/12\/IMG-PROFILO-NOEMI.jpeg\" \/>\n\t<meta property=\"og:image:width\" content=\"900\" \/>\n\t<meta property=\"og:image:height\" content=\"922\" \/>\n\t<meta property=\"og:image:type\" content=\"image\/jpeg\" \/>\n<meta name=\"twitter:card\" content=\"summary_large_image\" \/>\n<meta name=\"twitter:label1\" content=\"Dur\u00e9e de lecture estim\u00e9e\" \/>\n\t<meta name=\"twitter:data1\" content=\"1 minute\" \/>\n<script type=\"application\/ld+json\" class=\"yoast-schema-graph\">{\"@context\":\"https:\/\/schema.org\",\"@graph\":[{\"@type\":\"WebPage\",\"@id\":\"https:\/\/lartisana.vda.it\/fr\/artisan\/touch-noemien\/\",\"url\":\"https:\/\/lartisana.vda.it\/fr\/artisan\/touch-noemien\/\",\"name\":\"LE TOUCH NO\u00c9MIEN - GIOVANNINO Noemi - L&#039;artisana\",\"isPartOf\":{\"@id\":\"https:\/\/lartisana.vda.it\/fr\/#website\"},\"primaryImageOfPage\":{\"@id\":\"https:\/\/lartisana.vda.it\/fr\/artisan\/touch-noemien\/#primaryimage\"},\"image\":{\"@id\":\"https:\/\/lartisana.vda.it\/fr\/artisan\/touch-noemien\/#primaryimage\"},\"thumbnailUrl\":\"https:\/\/lartisana.vda.it\/wp-content\/uploads\/2025\/12\/IMG-PROFILO-NOEMI.jpeg\",\"datePublished\":\"2025-12-23T13:42:31+00:00\",\"dateModified\":\"2025-12-23T13:50:19+00:00\",\"breadcrumb\":{\"@id\":\"https:\/\/lartisana.vda.it\/fr\/artisan\/touch-noemien\/#breadcrumb\"},\"inLanguage\":\"fr-FR\",\"potentialAction\":[{\"@type\":\"ReadAction\",\"target\":[\"https:\/\/lartisana.vda.it\/fr\/artisan\/touch-noemien\/\"]}]},{\"@type\":\"ImageObject\",\"inLanguage\":\"fr-FR\",\"@id\":\"https:\/\/lartisana.vda.it\/fr\/artisan\/touch-noemien\/#primaryimage\",\"url\":\"https:\/\/lartisana.vda.it\/wp-content\/uploads\/2025\/12\/IMG-PROFILO-NOEMI.jpeg\",\"contentUrl\":\"https:\/\/lartisana.vda.it\/wp-content\/uploads\/2025\/12\/IMG-PROFILO-NOEMI.jpeg\",\"width\":900,\"height\":922},{\"@type\":\"BreadcrumbList\",\"@id\":\"https:\/\/lartisana.vda.it\/fr\/artisan\/touch-noemien\/#breadcrumb\",\"itemListElement\":[{\"@type\":\"ListItem\",\"position\":1,\"name\":\"Home\",\"item\":\"https:\/\/lartisana.vda.it\/fr\/\"},{\"@type\":\"ListItem\",\"position\":2,\"name\":\"Artisans\",\"item\":\"https:\/\/lartisana.vda.it\/fr\/artigiani\/\"},{\"@type\":\"ListItem\",\"position\":3,\"name\":\"LE TOUCH NO\u00c9MIEN &#8211; GIOVANNINO Noemi\"}]},{\"@type\":\"WebSite\",\"@id\":\"https:\/\/lartisana.vda.it\/fr\/#website\",\"url\":\"https:\/\/lartisana.vda.it\/fr\/\",\"name\":\"L&#039;artisana\",\"description\":\"\",\"publisher\":{\"@id\":\"https:\/\/lartisana.vda.it\/fr\/#organization\"},\"potentialAction\":[{\"@type\":\"SearchAction\",\"target\":{\"@type\":\"EntryPoint\",\"urlTemplate\":\"https:\/\/lartisana.vda.it\/fr\/?s={search_term_string}\"},\"query-input\":{\"@type\":\"PropertyValueSpecification\",\"valueRequired\":true,\"valueName\":\"search_term_string\"}}],\"inLanguage\":\"fr-FR\"},{\"@type\":\"Organization\",\"@id\":\"https:\/\/lartisana.vda.it\/fr\/#organization\",\"name\":\"L'artisana\",\"url\":\"https:\/\/lartisana.vda.it\/fr\/\",\"logo\":{\"@type\":\"ImageObject\",\"inLanguage\":\"fr-FR\",\"@id\":\"https:\/\/lartisana.vda.it\/fr\/#\/schema\/logo\/image\/\",\"url\":\"https:\/\/lartisana.vda.it\/wp-content\/uploads\/2024\/02\/Logo-lartisana-new.png\",\"contentUrl\":\"https:\/\/lartisana.vda.it\/wp-content\/uploads\/2024\/02\/Logo-lartisana-new.png\",\"width\":245,\"height\":70,\"caption\":\"L'artisana\"},\"image\":{\"@id\":\"https:\/\/lartisana.vda.it\/fr\/#\/schema\/logo\/image\/\"}}]}<\/script>\n<!-- \/ Yoast SEO plugin. -->","yoast_head_json":{"title":"LE TOUCH NO\u00c9MIEN - GIOVANNINO Noemi - L&#039;artisana","robots":{"index":"index","follow":"follow","max-snippet":"max-snippet:-1","max-image-preview":"max-image-preview:large","max-video-preview":"max-video-preview:-1"},"canonical":"https:\/\/lartisana.vda.it\/fr\/artisan\/touch-noemien\/","og_locale":"fr_FR","og_type":"article","og_title":"LE TOUCH NO\u00c9MIEN - GIOVANNINO Noemi - L&#039;artisana","og_description":"N\u00e9e et \u00e9lev\u00e9e en Vall\u00e9e d\u2019Aoste, passionn\u00e9e par l\u2019art sous toutes ses formes, Noemi est dipl\u00f4m\u00e9e en Media Design \u00e0 Milan. Avec l\u2019arriv\u00e9e du Covid, elle est retourn\u00e9e dans sa r\u00e9gion natale et a red\u00e9couvert une passion n\u00e9e au coll\u00e8ge : la sculpture sur bois. Durant une p\u00e9riode de d\u00e9sorientation professionnelle, elle a ressenti le besoin de s\u2019\u00e9loigner de l\u2019\u00e9cran pour renouer avec la cr\u00e9ation manuelle. De la rencontre entre co\u00efncidences et destin est n\u00e9 ce projet, qui s\u2019oppose \u00e0 l\u2019anonymat des objets industriels \u00e0 travers des cr\u00e9ations capables de raconter des histoires, d\u2019\u00e9voquer des \u00e9motions et de redonner identit\u00e9 et chaleur aux espaces. Son esth\u00e9tique allie la sculpture d\u00e9corative classique \u00e0 des \u00e9l\u00e9ments cr\u00e9atifs inspir\u00e9s de la nature, donnant vie \u00e0 des \u0153uvres qui apportent une touche d\u2019enchantement au quotidien : un Touch No\u00e9mien.","og_url":"https:\/\/lartisana.vda.it\/fr\/artisan\/touch-noemien\/","og_site_name":"L&#039;artisana","article_modified_time":"2025-12-23T13:50:19+00:00","og_image":[{"width":900,"height":922,"url":"https:\/\/lartisana.vda.it\/wp-content\/uploads\/2025\/12\/IMG-PROFILO-NOEMI.jpeg","type":"image\/jpeg"}],"twitter_card":"summary_large_image","twitter_misc":{"Dur\u00e9e de lecture estim\u00e9e":"1 minute"},"schema":{"@context":"https:\/\/schema.org","@graph":[{"@type":"WebPage","@id":"https:\/\/lartisana.vda.it\/fr\/artisan\/touch-noemien\/","url":"https:\/\/lartisana.vda.it\/fr\/artisan\/touch-noemien\/","name":"LE TOUCH NO\u00c9MIEN - GIOVANNINO Noemi - L&#039;artisana","isPartOf":{"@id":"https:\/\/lartisana.vda.it\/fr\/#website"},"primaryImageOfPage":{"@id":"https:\/\/lartisana.vda.it\/fr\/artisan\/touch-noemien\/#primaryimage"},"image":{"@id":"https:\/\/lartisana.vda.it\/fr\/artisan\/touch-noemien\/#primaryimage"},"thumbnailUrl":"https:\/\/lartisana.vda.it\/wp-content\/uploads\/2025\/12\/IMG-PROFILO-NOEMI.jpeg","datePublished":"2025-12-23T13:42:31+00:00","dateModified":"2025-12-23T13:50:19+00:00","breadcrumb":{"@id":"https:\/\/lartisana.vda.it\/fr\/artisan\/touch-noemien\/#breadcrumb"},"inLanguage":"fr-FR","potentialAction":[{"@type":"ReadAction","target":["https:\/\/lartisana.vda.it\/fr\/artisan\/touch-noemien\/"]}]},{"@type":"ImageObject","inLanguage":"fr-FR","@id":"https:\/\/lartisana.vda.it\/fr\/artisan\/touch-noemien\/#primaryimage","url":"https:\/\/lartisana.vda.it\/wp-content\/uploads\/2025\/12\/IMG-PROFILO-NOEMI.jpeg","contentUrl":"https:\/\/lartisana.vda.it\/wp-content\/uploads\/2025\/12\/IMG-PROFILO-NOEMI.jpeg","width":900,"height":922},{"@type":"BreadcrumbList","@id":"https:\/\/lartisana.vda.it\/fr\/artisan\/touch-noemien\/#breadcrumb","itemListElement":[{"@type":"ListItem","position":1,"name":"Home","item":"https:\/\/lartisana.vda.it\/fr\/"},{"@type":"ListItem","position":2,"name":"Artisans","item":"https:\/\/lartisana.vda.it\/fr\/artigiani\/"},{"@type":"ListItem","position":3,"name":"LE TOUCH NO\u00c9MIEN &#8211; GIOVANNINO Noemi"}]},{"@type":"WebSite","@id":"https:\/\/lartisana.vda.it\/fr\/#website","url":"https:\/\/lartisana.vda.it\/fr\/","name":"L&#039;artisana","description":"","publisher":{"@id":"https:\/\/lartisana.vda.it\/fr\/#organization"},"potentialAction":[{"@type":"SearchAction","target":{"@type":"EntryPoint","urlTemplate":"https:\/\/lartisana.vda.it\/fr\/?s={search_term_string}"},"query-input":{"@type":"PropertyValueSpecification","valueRequired":true,"valueName":"search_term_string"}}],"inLanguage":"fr-FR"},{"@type":"Organization","@id":"https:\/\/lartisana.vda.it\/fr\/#organization","name":"L'artisana","url":"https:\/\/lartisana.vda.it\/fr\/","logo":{"@type":"ImageObject","inLanguage":"fr-FR","@id":"https:\/\/lartisana.vda.it\/fr\/#\/schema\/logo\/image\/","url":"https:\/\/lartisana.vda.it\/wp-content\/uploads\/2024\/02\/Logo-lartisana-new.png","contentUrl":"https:\/\/lartisana.vda.it\/wp-content\/uploads\/2024\/02\/Logo-lartisana-new.png","width":245,"height":70,"caption":"L'artisana"},"image":{"@id":"https:\/\/lartisana.vda.it\/fr\/#\/schema\/logo\/image\/"}}]}},"_links":{"self":[{"href":"https:\/\/lartisana.vda.it\/fr\/wp-json\/wp\/v2\/artigiano\/32806","targetHints":{"allow":["GET"]}}],"collection":[{"href":"https:\/\/lartisana.vda.it\/fr\/wp-json\/wp\/v2\/artigiano"}],"about":[{"href":"https:\/\/lartisana.vda.it\/fr\/wp-json\/wp\/v2\/types\/artigiano"}],"version-history":[{"count":1,"href":"https:\/\/lartisana.vda.it\/fr\/wp-json\/wp\/v2\/artigiano\/32806\/revisions"}],"predecessor-version":[{"id":32807,"href":"https:\/\/lartisana.vda.it\/fr\/wp-json\/wp\/v2\/artigiano\/32806\/revisions\/32807"}],"wp:featuredmedia":[{"embeddable":true,"href":"https:\/\/lartisana.vda.it\/fr\/wp-json\/wp\/v2\/media\/32805"}],"wp:attachment":[{"href":"https:\/\/lartisana.vda.it\/fr\/wp-json\/wp\/v2\/media?parent=32806"}],"wp:term":[{"taxonomy":"luogo-artigiani","embeddable":true,"href":"https:\/\/lartisana.vda.it\/fr\/wp-json\/wp\/v2\/luogo-artigiani?post=32806"},{"taxonomy":"materiale-artigiani","embeddable":true,"href":"https:\/\/lartisana.vda.it\/fr\/wp-json\/wp\/v2\/materiale-artigiani?post=32806"},{"taxonomy":"prodotto-artigiano","embeddable":true,"href":"https:\/\/lartisana.vda.it\/fr\/wp-json\/wp\/v2\/prodotto-artigiano?post=32806"}],"curies":[{"name":"wp","href":"https:\/\/api.w.org\/{rel}","templated":true}]}}