{"version":"1.0","provider_name":"L&#039;artisana","provider_url":"https:\/\/lartisana.vda.it\/fr\/","author_name":"Luce Pastoret","author_url":"https:\/\/lartisana.vda.it\/fr\/author\/94a7e1e1b6e75f31\/","title":"LE TOUCH NO\u00c9MIEN - GIOVANNINO Noemi - L&#039;artisana","type":"rich","width":600,"height":338,"html":"<blockquote class=\"wp-embedded-content\" data-secret=\"O2Gxz7gQBO\"><a href=\"https:\/\/lartisana.vda.it\/fr\/artisan\/touch-noemien\/\">LE TOUCH NO\u00c9MIEN &#8211; GIOVANNINO Noemi<\/a><\/blockquote><iframe sandbox=\"allow-scripts\" security=\"restricted\" src=\"https:\/\/lartisana.vda.it\/fr\/artisan\/touch-noemien\/embed\/#?secret=O2Gxz7gQBO\" width=\"600\" height=\"338\" title=\"\u00ab\u00a0LE TOUCH NO\u00c9MIEN &#8211; GIOVANNINO Noemi\u00a0\u00bb &#8212; L&#039;artisana\" data-secret=\"O2Gxz7gQBO\" frameborder=\"0\" marginwidth=\"0\" marginheight=\"0\" scrolling=\"no\" class=\"wp-embedded-content\"><\/iframe><script>\n\/*! This file is auto-generated *\/\n!function(d,l){\"use strict\";l.querySelector&&d.addEventListener&&\"undefined\"!=typeof URL&&(d.wp=d.wp||{},d.wp.receiveEmbedMessage||(d.wp.receiveEmbedMessage=function(e){var t=e.data;if((t||t.secret||t.message||t.value)&&!\/[^a-zA-Z0-9]\/.test(t.secret)){for(var s,r,n,a=l.querySelectorAll('iframe[data-secret=\"'+t.secret+'\"]'),o=l.querySelectorAll('blockquote[data-secret=\"'+t.secret+'\"]'),c=new RegExp(\"^https?:$\",\"i\"),i=0;i<o.length;i++)o[i].style.display=\"none\";for(i=0;i<a.length;i++)s=a[i],e.source===s.contentWindow&&(s.removeAttribute(\"style\"),\"height\"===t.message?(1e3<(r=parseInt(t.value,10))?r=1e3:~~r<200&&(r=200),s.height=r):\"link\"===t.message&&(r=new URL(s.getAttribute(\"src\")),n=new URL(t.value),c.test(n.protocol))&&n.host===r.host&&l.activeElement===s&&(d.top.location.href=t.value))}},d.addEventListener(\"message\",d.wp.receiveEmbedMessage,!1),l.addEventListener(\"DOMContentLoaded\",function(){for(var e,t,s=l.querySelectorAll(\"iframe.wp-embedded-content\"),r=0;r<s.length;r++)(t=(e=s[r]).getAttribute(\"data-secret\"))||(t=Math.random().toString(36).substring(2,12),e.src+=\"#?secret=\"+t,e.setAttribute(\"data-secret\",t)),e.contentWindow.postMessage({message:\"ready\",secret:t},\"*\")},!1)))}(window,document);\n\/\/# sourceURL=https:\/\/lartisana.vda.it\/wp-includes\/js\/wp-embed.min.js\n<\/script>\n","thumbnail_url":"https:\/\/lartisana.vda.it\/wp-content\/uploads\/2025\/12\/IMG-PROFILO-NOEMI.jpeg","thumbnail_width":900,"thumbnail_height":922,"description":"N\u00e9e et \u00e9lev\u00e9e en Vall\u00e9e d\u2019Aoste, passionn\u00e9e par l\u2019art sous toutes ses formes, Noemi est dipl\u00f4m\u00e9e en Media Design \u00e0 Milan. Avec l\u2019arriv\u00e9e du Covid, elle est retourn\u00e9e dans sa r\u00e9gion natale et a red\u00e9couvert une passion n\u00e9e au coll\u00e8ge : la sculpture sur bois. Durant une p\u00e9riode de d\u00e9sorientation professionnelle, elle a ressenti le besoin de s\u2019\u00e9loigner de l\u2019\u00e9cran pour renouer avec la cr\u00e9ation manuelle. De la rencontre entre co\u00efncidences et destin est n\u00e9 ce projet, qui s\u2019oppose \u00e0 l\u2019anonymat des objets industriels \u00e0 travers des cr\u00e9ations capables de raconter des histoires, d\u2019\u00e9voquer des \u00e9motions et de redonner identit\u00e9 et chaleur aux espaces. Son esth\u00e9tique allie la sculpture d\u00e9corative classique \u00e0 des \u00e9l\u00e9ments cr\u00e9atifs inspir\u00e9s de la nature, donnant vie \u00e0 des \u0153uvres qui apportent une touche d\u2019enchantement au quotidien : un Touch No\u00e9mien."}